{"id":8397,"date":"2018-10-11T12:14:21","date_gmt":"2018-10-11T10:14:21","guid":{"rendered":"http:\/\/upgroup.it\/?page_id=8397"},"modified":"2019-01-11T14:20:33","modified_gmt":"2019-01-11T13:20:33","slug":"designers","status":"publish","type":"page","link":"https:\/\/www.upgroup.it\/en\/designers\/","title":{"rendered":"DESIGNERS"},"content":{"rendered":"<p>[vc_row content_placement=&#8221;bottom&#8221; el_class=&#8221;SliderSuMobile&#8221;][vc_column]<link href=\"https:\/\/fonts.googleapis.com\/css?family=Open+Sans:300\" rel=\"stylesheet\" property=\"stylesheet\" type=\"text\/css\" media=\"all\">\n<div id=\"rev_slider_28_1_wrapper\" class=\"rev_slider_wrapper fullwidthbanner-container\" data-source=\"gallery\" style=\"margin:0px auto;background:transparent;padding:0px;margin-top:0px;margin-bottom:0px;\">\n<!-- START REVOLUTION SLIDER 5.4.8.1 fullwidth mode -->\n\t<div id=\"rev_slider_28_1\" class=\"rev_slider fullwidthabanner\" style=\"display:none;\" data-version=\"5.4.8.1\">\n<ul>\t<!-- SLIDE  -->\n\t<li data-index=\"rs-42\" data-transition=\"fade\" data-slotamount=\"default\" data-hideafterloop=\"0\" data-hideslideonmobile=\"off\"  data-easein=\"default\" data-easeout=\"default\" data-masterspeed=\"300\"  data-thumb=\"https:\/\/www.upgroup.it\/wp-content\/uploads\/2018\/06\/designer-faq-title-img-100x50.jpg\"  data-delay=\"3990\"  data-rotate=\"0\"  data-saveperformance=\"off\"  data-title=\"Slide\" data-param1=\"03\" data-param2=\"02\" data-param3=\"\" data-param4=\"\" data-param5=\"\" data-param6=\"\" data-param7=\"\" data-param8=\"\" data-param9=\"\" data-param10=\"\" data-description=\"\">\n\t\t<!-- MAIN IMAGE -->\n\t\t<img loading=\"lazy\" decoding=\"async\" src=\"https:\/\/www.upgroup.it\/wp-content\/uploads\/2018\/06\/designer-faq-title-img.jpg\"  alt=\"\" title=\"designer-faq-title-img\"  width=\"1920\" height=\"1000\" data-bgposition=\"center center\" data-kenburns=\"on\" data-duration=\"10000\" data-ease=\"Linear.easeNone\" data-scalestart=\"110\" data-scaleend=\"100\" data-rotatestart=\"0\" data-rotateend=\"0\" data-blurstart=\"0\" data-blurend=\"0\" data-offsetstart=\"0 0\" data-offsetend=\"0 0\" class=\"rev-slidebg\" data-no-retina>\n\t\t<!-- LAYERS -->\n\n\t\t<!-- LAYER NR. 1 -->\n\t\t<div class=\"tp-caption   tp-resizeme\" \n\t\t\t id=\"slide-42-layer-1\" \n\t\t\t data-x=\"center\" data-hoffset=\"-20\" \n\t\t\t data-y=\"center\" data-voffset=\"-1\" \n\t\t\t\t\t\tdata-width=\"['auto','auto','auto','auto']\"\n\t\t\tdata-height=\"['auto','auto','auto','auto']\"\n \n\t\t\tdata-type=\"text\" \n\t\t\tdata-responsive_offset=\"on\" \n\n\t\t\tdata-frames='[{\"delay\":10,\"speed\":1000,\"frame\":\"0\",\"from\":\"y:50px;opacity:0;\",\"to\":\"o:1;\",\"ease\":\"Power2.easeInOut\"},{\"delay\":\"wait\",\"speed\":300,\"frame\":\"999\",\"to\":\"opacity:0;\",\"ease\":\"Power2.easeInOut\"}]'\n\t\t\tdata-textAlign=\"['inherit','inherit','inherit','inherit']\"\n\t\t\tdata-paddingtop=\"[0,0,0,0]\"\n\t\t\tdata-paddingright=\"[0,0,0,0]\"\n\t\t\tdata-paddingbottom=\"[0,0,0,0]\"\n\t\t\tdata-paddingleft=\"[0,0,0,0]\"\n\n\t\t\tstyle=\"z-index: 5; white-space: nowrap; font-size: 90px; line-height: 100px; font-weight: 300; color: #ffffff; letter-spacing: 0px;font-family:Open Sans;text-transform:uppercase;\">designers <\/div>\n\t<\/li>\n<\/ul>\n<script>var htmlDiv = document.getElementById(\"rs-plugin-settings-inline-css\"); var htmlDivCss=\"\";\n\t\t\t\t\t\tif(htmlDiv) {\n\t\t\t\t\t\t\thtmlDiv.innerHTML = htmlDiv.innerHTML + htmlDivCss;\n\t\t\t\t\t\t}else{\n\t\t\t\t\t\t\tvar htmlDiv = document.createElement(\"div\");\n\t\t\t\t\t\t\thtmlDiv.innerHTML = \"<style>\" + htmlDivCss + \"<\/style>\";\n\t\t\t\t\t\t\tdocument.getElementsByTagName(\"head\")[0].appendChild(htmlDiv.childNodes[0]);\n\t\t\t\t\t\t}\n\t\t\t\t\t<\/script>\n<div class=\"tp-bannertimer tp-bottom\" style=\"visibility: hidden !important;\"><\/div>\t<\/div>\n<script>var htmlDiv = document.getElementById(\"rs-plugin-settings-inline-css\"); var htmlDivCss=\"\";\n\t\t\t\tif(htmlDiv) {\n\t\t\t\t\thtmlDiv.innerHTML = htmlDiv.innerHTML + htmlDivCss;\n\t\t\t\t}else{\n\t\t\t\t\tvar htmlDiv = document.createElement(\"div\");\n\t\t\t\t\thtmlDiv.innerHTML = \"<style>\" + htmlDivCss + \"<\/style>\";\n\t\t\t\t\tdocument.getElementsByTagName(\"head\")[0].appendChild(htmlDiv.childNodes[0]);\n\t\t\t\t}\n\t\t\t<\/script>\n\t\t<script type=\"text\/javascript\">\nif (setREVStartSize!==undefined) setREVStartSize(\n\t{c: '#rev_slider_28_1', gridwidth: [1920], gridheight: [800], sliderLayout: 'fullwidth'});\n\t\t\t\nvar revapi28,\n\ttpj;\t\n(function() {\t\t\t\n\tif (!\/loaded|interactive|complete\/.test(document.readyState)) document.addEventListener(\"DOMContentLoaded\",onLoad); else onLoad();\t\n\tfunction onLoad() {\t\t\t\t\n\t\tif (tpj===undefined) { tpj = jQuery; if(\"off\" == \"on\") tpj.noConflict();}\n\tif(tpj(\"#rev_slider_28_1\").revolution == undefined){\n\t\trevslider_showDoubleJqueryError(\"#rev_slider_28_1\");\n\t}else{\n\t\trevapi28 = tpj(\"#rev_slider_28_1\").show().revolution({\n\t\t\tsliderType:\"standard\",\n\t\t\tjsFileLocation:\"\/\/www.upgroup.it\/wp-content\/plugins\/revslider\/public\/assets\/js\/\",\n\t\t\tsliderLayout:\"fullwidth\",\n\t\t\tdottedOverlay:\"none\",\n\t\t\tdelay:4000,\n\t\t\tnavigation: {\n\t\t\t\tkeyboardNavigation:\"off\",\n\t\t\t\tkeyboard_direction: \"horizontal\",\n\t\t\t\tmouseScrollNavigation:\"off\",\n \t\t\t\t\t\t\tmouseScrollReverse:\"default\",\n\t\t\t\tonHoverStop:\"off\",\n\t\t\t\tbullets: {\n\t\t\t\t\tenable:true,\n\t\t\t\t\thide_onmobile:false,\n\t\t\t\t\tstyle:\"allston-nav\",\n\t\t\t\t\thide_onleave:false,\n\t\t\t\t\tdirection:\"horizontal\",\n\t\t\t\t\th_align:\"right\",\n\t\t\t\t\tv_align:\"bottom\",\n\t\t\t\t\th_offset:15,\n\t\t\t\t\tv_offset:20,\n\t\t\t\t\tspace:5,\n\t\t\t\t\ttmp:'<span class=\"numb-prev-next\"><span class=\"number-first\">{{param2}}<\/span><span class=\"slash\">\/<\/span><span class=\"number-last\">{{param1}}<\/span><\/span>'\n\t\t\t\t}\n\t\t\t},\n\t\t\tvisibilityLevels:[1240,1024,778,480],\n\t\t\tgridwidth:1920,\n\t\t\tgridheight:800,\n\t\t\tlazyType:\"none\",\n\t\t\tshadow:0,\n\t\t\tspinner:\"off\",\n\t\t\tstopLoop:\"off\",\n\t\t\tstopAfterLoops:-1,\n\t\t\tstopAtSlide:-1,\n\t\t\tshuffle:\"off\",\n\t\t\tautoHeight:\"on\",\n\t\t\tdisableProgressBar:\"on\",\n\t\t\thideThumbsOnMobile:\"off\",\n\t\t\thideSliderAtLimit:0,\n\t\t\thideCaptionAtLimit:0,\n\t\t\thideAllCaptionAtLilmit:0,\n\t\t\tdebugMode:false,\n\t\t\tfallbacks: {\n\t\t\t\tsimplifyAll:\"off\",\n\t\t\t\tnextSlideOnWindowFocus:\"off\",\n\t\t\t\tdisableFocusListener:false,\n\t\t\t}\n\t\t});\n\t}; \/* END OF revapi call *\/\n\t\n }; \/* END OF ON LOAD FUNCTION *\/\n}()); \/* END OF WRAPPING FUNCTION *\/\n<\/script>\n\t\t<script>\n\t\t\t\t\tvar htmlDivCss = unescape(\"%23rev_slider_28_1%20.allston-nav.tp-bullets%20%7B%0A%20%20right%3A%20-145px%3B%0A%20%20left%3A%20auto%20%21important%3B%0A%20%20top%3Aauto%20%21important%3B%0A%20%20bottom%3A70px%3B%0A%7D%0A%23rev_slider_28_1%20.allston-nav.tp-bullets%3Abefore%20%7B%0A%09content%3A%22%20%22%3B%0A%09position%3Aabsolute%3B%0A%09width%3A100%25%3B%0A%09height%3A100%25%3B%0A%09background%3Atransparent%3B%0A%09padding%3A10px%3B%0A%09margin-left%3A-10px%3B%0A%20%20%20%20margin-top%3A-10px%3B%0A%09box-sizing%3Acontent-box%3B%0A%20%0A%7D%0A%23rev_slider_28_1%20.allston-nav%20.tp-bullet%20%7B%0A%09width%3A20px%3B%0A%09height%3A20px%3B%0A%09position%3Aabsolute%3B%0A%09background%3A%20transparent%3B%0A%09cursor%3A%20pointer%3B%0A%09box-sizing%3Acontent-box%3B%0A%20%20%20%20visibility%3Ahidden%3B%0A%20%20%20%20left%3A0%20%21important%3B%0A%7D%0A%0A%23rev_slider_28_1%20.allston-nav%20.tp-bullet.selected%20%7B%0A%20%20%20left%3A0%20%21important%3B%0A%7D%0A%0A%0A%23rev_slider_28_1%20.allston-nav%20.tp-bullet%20.numb-prev-next%20%7B%0A%20%20%20%20visibility%3Avisible%3B%0A%20%20%20%20color%3A%23fff%3B%0A%20%20%20%20font-size%3A16px%3B%0A%20%20%20%20letter-spacing%3A%200.06em%3B%0A%20%20%20%20font-weight%3A400%3B%0A%20%20%20%20font-family%3A%20%22Open%20Sans%22%2Csans-serif%3B%0A%20%20%20%20display%3A%20block%3B%0A%20%20%20%20visibility%3Ahidden%3B%0A%20%20%20%20text-align%3Acenter%3B%0A%20%20%20%20width%3A%20105%25%3B%0A%7D%0A%23rev_slider_28_1%20.allston-nav%20.tp-bullet%20.numb-prev-next%20span%20%7B%0A%20%20transform%3Arotate%2890deg%29%3B%0A%20%20-webkit-transform%3Arotate%2890deg%29%3B%0A%20%20-moz-transform%3Arotate%2890deg%29%3B%0A%20%20display%3Ablock%3B%0A%7D%0A%23rev_slider_28_1%20.allston-nav%20.tp-bullet%20.numb-prev-next%20span.number-first%20%7B%0A%09margin-bottom%3A%20-9px%3B%0A%7D%0A%23rev_slider_28_1%20.allston-nav%20.tp-bullet%20.numb-prev-next%20span.number-last%20%7B%0A%09margin-top%3A%20-7px%3B%0A%7D%0A%23rev_slider_28_1%20.allston-nav%20.tp-bullet.selected%20.numb-prev-next%20%7B%0A%20%20%20visibility%3Avisible%3B%0A%7D%0A\");\n\t\t\t\t\tvar htmlDiv = document.getElementById('rs-plugin-settings-inline-css');\n\t\t\t\t\tif(htmlDiv) {\n\t\t\t\t\t\thtmlDiv.innerHTML = htmlDiv.innerHTML + htmlDivCss;\n\t\t\t\t\t}\n\t\t\t\t\telse{\n\t\t\t\t\t\tvar htmlDiv = document.createElement('div');\n\t\t\t\t\t\thtmlDiv.innerHTML = '<style>' + htmlDivCss + '<\/style>';\n\t\t\t\t\t\tdocument.getElementsByTagName('head')[0].appendChild(htmlDiv.childNodes[0]);\n\t\t\t\t\t}\n\t\t\t\t  <\/script>\n\t\t\t\t<\/div><!-- END REVOLUTION SLIDER -->[vc_empty_space height=&#8221;150&#8243;][vc_row_inner row_content_width=&#8221;grid&#8221;][vc_column_inner][vc_column_text]An ancient forge of ideas and projects, which over the years has seen the best architects affect their style and their ideas precisely in marble. Achille Castiglioni, Adolfo Natalini, Michele De Lucchi, Enzo Mari, Martin Bedin, Matteo Thun, Charles Pfister, David Palterrer, Ettore Sottsass, Aldo Rossi, Alessandro Mendini, Sergio Asti, Mario Bellini, Guglielmo Renzi, Danilo Silvestrin, Luca Scacchetti, Marco Piva, Ugo La Pietra, Paolo Ulian, Marcelo Joulia, &#8230; and many others. Because when the best of \u201cMade in Italy\u201d design and style meets the skilled artisans, a fascinating journey is born between the endless veins of a stone that tells the story of man. With each of these great names in architecture and design, UpGroup has been able to create unique objects, unrepeatable inlays and transparencies. Lamps, tables, bathrooms, but also furnishings of prestigious hotels and elegant yachts.When craftsmanship and the sensitivity of a craft workshop, where everything is still handmade, meets the creativity of the greatest architects, extraordinary projects are born, which over time have become true classics of the Italian Style.[\/vc_column_text][\/vc_column_inner][\/vc_row_inner][vc_empty_space height=&#8221;80&#8243;][\/vc_column][\/vc_row][vc_row row_content_width=&#8221;grid&#8221;][vc_column width=&#8221;1\/4&#8243;][vc_empty_space height=&#8221;20px&#8221;]<div class=\"eltdf-single-image-holder   eltdf-image-behavior-zoom\">\n    <div class=\"eltdf-si-inner\" >\n                                    <img loading=\"lazy\" decoding=\"async\" width=\"600\" height=\"600\" src=\"https:\/\/www.upgroup.it\/wp-content\/uploads\/2018\/06\/Castiglioni-Thumb.jpg\" class=\"attachment-full size-full\" alt=\"\" srcset=\"https:\/\/www.upgroup.it\/wp-content\/uploads\/2018\/06\/Castiglioni-Thumb.jpg 600w, https:\/\/www.upgroup.it\/wp-content\/uploads\/2018\/06\/Castiglioni-Thumb-150x150.jpg 150w, https:\/\/www.upgroup.it\/wp-content\/uploads\/2018\/06\/Castiglioni-Thumb-300x300.jpg 300w, https:\/\/www.upgroup.it\/wp-content\/uploads\/2018\/06\/Castiglioni-Thumb-550x550.jpg 550w, https:\/\/www.upgroup.it\/wp-content\/uploads\/2018\/06\/Castiglioni-Thumb-100x100.jpg 100w\" sizes=\"auto, (max-width: 600px) 100vw, 600px\" \/>                        <\/div>\n<\/div>[\/vc_column][vc_column width=&#8221;3\/4&#8243;]<h2 class=\"eltdf-custom-font-holder  eltdf-cf-3993  \" style=\"font-family: Open Sans;font-size: 40px;text-transform: uppercase;text-align: left;color: #020202\" data-item-class=\"eltdf-cf-3993\" data-font-size-680=\"60px\">\n\tAchille Castiglioni<\/h2>[vc_column_text]Son of the sculptor Giannino and Livia Bolla, he graduated from the Milan Polytechnic in 1944; after graduation he worked for the practice of the older brothers Livio (1911 &#8211; 1979) and Pier Giacomo (1913 &#8211; 1968) in piazza Castello in Milan, devoting himself to urban planning, architecture, exhibitions, exhibitions and product design. In 1944 he took part, together with his brothers, in the VII Triennale di Milano&#8230;[\/vc_column_text][vc_empty_space height=&#8221;20px&#8221;]<a itemprop=\"url\" href=\"http:\/\/upgroup.it\/en\/achille-castiglioni\/\" target=\"_self\" style=\"border-color: #020202\" class=\"eltdf-btn eltdf-btn-small eltdf-btn-outline eltdf-btn-custom-hover-bg eltdf-btn-custom-border-hover\" data-hover-bg-color=\"#898989\" data-hover-border-color=\"#020202\" >\n    <span class=\"eltdf-btn-text\">approfondisci<\/span>\n    <\/a>[\/vc_column][\/vc_row][vc_row][vc_column][vc_empty_space height=&#8221;60&#8243;][\/vc_column][\/vc_row][vc_row row_content_width=&#8221;grid&#8221;][vc_column width=&#8221;1\/4&#8243;][vc_empty_space height=&#8221;20px&#8221;]<div class=\"eltdf-single-image-holder   eltdf-image-behavior-zoom\">\n    <div class=\"eltdf-si-inner\" >\n                                    <img loading=\"lazy\" decoding=\"async\" width=\"600\" height=\"600\" src=\"https:\/\/www.upgroup.it\/wp-content\/uploads\/2018\/06\/Natalini-Thumb.jpg\" class=\"attachment-full size-full\" alt=\"\" srcset=\"https:\/\/www.upgroup.it\/wp-content\/uploads\/2018\/06\/Natalini-Thumb.jpg 600w, https:\/\/www.upgroup.it\/wp-content\/uploads\/2018\/06\/Natalini-Thumb-150x150.jpg 150w, https:\/\/www.upgroup.it\/wp-content\/uploads\/2018\/06\/Natalini-Thumb-300x300.jpg 300w, https:\/\/www.upgroup.it\/wp-content\/uploads\/2018\/06\/Natalini-Thumb-550x550.jpg 550w, https:\/\/www.upgroup.it\/wp-content\/uploads\/2018\/06\/Natalini-Thumb-100x100.jpg 100w\" sizes=\"auto, (max-width: 600px) 100vw, 600px\" \/>                        <\/div>\n<\/div>[\/vc_column][vc_column width=&#8221;3\/4&#8243;]<h2 class=\"eltdf-custom-font-holder  eltdf-cf-4713  \" style=\"font-family: Open Sans;font-size: 40px;text-transform: uppercase;text-align: left;color: #020202\" data-item-class=\"eltdf-cf-4713\" data-font-size-680=\"60px\">\n\tADOLFO NATALINI<\/h2>[vc_column_text]He graduated in 1966 in Florence and, in the same year, he founded the Superstudio with Cristiano Toraldo of France and others. The Superstudio experience ended after about twenty years; the projects matured during that period found great prominence in specialized magazines. At the end of the sixties, with Roberto Barni, Umberto Buscioni and Gianni Ruffi, he was a member of the Pistoia School&#8230;[\/vc_column_text][vc_empty_space height=&#8221;20px&#8221;]<a itemprop=\"url\" href=\"http:\/\/upgroup.it\/en\/adolfo-natalini\" target=\"_self\" style=\"border-color: #020202\" class=\"eltdf-btn eltdf-btn-small eltdf-btn-outline eltdf-btn-custom-hover-bg eltdf-btn-custom-border-hover\" data-hover-bg-color=\"#898989\" data-hover-border-color=\"#020202\" >\n    <span class=\"eltdf-btn-text\">approfondisci<\/span>\n    <\/a>[\/vc_column][\/vc_row][vc_row][vc_column][vc_empty_space height=&#8221;60&#8243;][\/vc_column][\/vc_row][vc_row row_content_width=&#8221;grid&#8221;][vc_column width=&#8221;1\/4&#8243;][vc_empty_space height=&#8221;20px&#8221;]<div class=\"eltdf-single-image-holder   eltdf-image-behavior-zoom\">\n    <div class=\"eltdf-si-inner\" >\n                                    <img loading=\"lazy\" decoding=\"async\" width=\"600\" height=\"600\" src=\"https:\/\/www.upgroup.it\/wp-content\/uploads\/2018\/06\/De-Lucchi-Thumb.jpg\" class=\"attachment-full size-full\" alt=\"\" srcset=\"https:\/\/www.upgroup.it\/wp-content\/uploads\/2018\/06\/De-Lucchi-Thumb.jpg 600w, https:\/\/www.upgroup.it\/wp-content\/uploads\/2018\/06\/De-Lucchi-Thumb-150x150.jpg 150w, https:\/\/www.upgroup.it\/wp-content\/uploads\/2018\/06\/De-Lucchi-Thumb-300x300.jpg 300w, https:\/\/www.upgroup.it\/wp-content\/uploads\/2018\/06\/De-Lucchi-Thumb-550x550.jpg 550w, https:\/\/www.upgroup.it\/wp-content\/uploads\/2018\/06\/De-Lucchi-Thumb-100x100.jpg 100w\" sizes=\"auto, (max-width: 600px) 100vw, 600px\" \/>                        <\/div>\n<\/div>[\/vc_column][vc_column width=&#8221;3\/4&#8243;]<h2 class=\"eltdf-custom-font-holder  eltdf-cf-2111  \" style=\"font-family: Open Sans;font-size: 40px;text-transform: uppercase;text-align: left;color: #020202\" data-item-class=\"eltdf-cf-2111\" data-font-size-680=\"60px\">\n\tMICHELE DE LUCCHI<\/h2>[vc_column_text]His career began after graduating in architecture in Florence: having become an assistant to the Design course held by Adolfo Natalini at the University of Architecture of the Tuscan city, he came into contact with radical design and founded the Cavart group, inspired by those principles. The following years saw him in Milan, where in 1979 he met Ettore Sottsass, who will follow in the Memphis group, and in 1980 he started an independent activity&#8230;[\/vc_column_text][vc_empty_space height=&#8221;20px&#8221;]<a itemprop=\"url\" href=\"http:\/\/upgroup.it\/en\/michele-de-lucchi-architect-and-designer\/\" target=\"_self\" style=\"border-color: #020202\" class=\"eltdf-btn eltdf-btn-small eltdf-btn-outline eltdf-btn-custom-hover-bg eltdf-btn-custom-border-hover\" data-hover-bg-color=\"#898989\" data-hover-border-color=\"#020202\" >\n    <span class=\"eltdf-btn-text\">approfondisci<\/span>\n    <\/a>[\/vc_column][\/vc_row][vc_row][vc_column][vc_empty_space height=&#8221;60&#8243;][\/vc_column][\/vc_row][vc_row row_content_width=&#8221;grid&#8221;][vc_column width=&#8221;1\/4&#8243;][vc_empty_space height=&#8221;20px&#8221;]<div class=\"eltdf-single-image-holder   eltdf-image-behavior-zoom\">\n    <div class=\"eltdf-si-inner\" >\n                                    <img loading=\"lazy\" decoding=\"async\" width=\"600\" height=\"600\" src=\"https:\/\/www.upgroup.it\/wp-content\/uploads\/2018\/06\/Mari-Thumb.jpg\" class=\"attachment-full size-full\" alt=\"\" srcset=\"https:\/\/www.upgroup.it\/wp-content\/uploads\/2018\/06\/Mari-Thumb.jpg 600w, https:\/\/www.upgroup.it\/wp-content\/uploads\/2018\/06\/Mari-Thumb-150x150.jpg 150w, https:\/\/www.upgroup.it\/wp-content\/uploads\/2018\/06\/Mari-Thumb-300x300.jpg 300w, https:\/\/www.upgroup.it\/wp-content\/uploads\/2018\/06\/Mari-Thumb-550x550.jpg 550w, https:\/\/www.upgroup.it\/wp-content\/uploads\/2018\/06\/Mari-Thumb-100x100.jpg 100w\" sizes=\"auto, (max-width: 600px) 100vw, 600px\" \/>                        <\/div>\n<\/div>[\/vc_column][vc_column width=&#8221;3\/4&#8243;]<h2 class=\"eltdf-custom-font-holder  eltdf-cf-7188  \" style=\"font-family: Open Sans;font-size: 40px;text-transform: uppercase;text-align: left;color: #020202\" data-item-class=\"eltdf-cf-7188\" data-font-size-680=\"60px\">\n\tENZO MARI<\/h2>[vc_column_text]Born in Cerano da Carolina and Luigi, Mari attended the Brera literature and art Academy from 1952 to 1956, specializing in psychology of visual perception. After finishing his studies, he immediately dedicated himself to the emerging world of industrial design, presenting his first project to the Milanese furniture manufacturer Danese in 1957&#8230;[\/vc_column_text][vc_empty_space height=&#8221;20px&#8221;]<a itemprop=\"url\" href=\"http:\/\/upgroup.it\/en\/enzo-mari\" target=\"_self\" style=\"border-color: #020202\" class=\"eltdf-btn eltdf-btn-small eltdf-btn-outline eltdf-btn-custom-hover-bg eltdf-btn-custom-border-hover\" data-hover-bg-color=\"#898989\" data-hover-border-color=\"#020202\" >\n    <span class=\"eltdf-btn-text\">approfondisci<\/span>\n    <\/a>[\/vc_column][\/vc_row][vc_row][vc_column][vc_empty_space height=&#8221;60&#8243;][\/vc_column][\/vc_row][vc_row row_content_width=&#8221;grid&#8221;][vc_column width=&#8221;1\/4&#8243;][vc_empty_space height=&#8221;20px&#8221;]<div class=\"eltdf-single-image-holder   eltdf-image-behavior-zoom\">\n    <div class=\"eltdf-si-inner\" >\n                                    <img loading=\"lazy\" decoding=\"async\" width=\"601\" height=\"600\" src=\"https:\/\/www.upgroup.it\/wp-content\/uploads\/2018\/07\/Marcelo-Joulia-upgroup-DESIGNER.jpg\" class=\"attachment-full size-full\" alt=\"Marcelo-Joulia-upgroup-DESIGNER\" srcset=\"https:\/\/www.upgroup.it\/wp-content\/uploads\/2018\/07\/Marcelo-Joulia-upgroup-DESIGNER.jpg 601w, https:\/\/www.upgroup.it\/wp-content\/uploads\/2018\/07\/Marcelo-Joulia-upgroup-DESIGNER-150x150.jpg 150w, https:\/\/www.upgroup.it\/wp-content\/uploads\/2018\/07\/Marcelo-Joulia-upgroup-DESIGNER-300x300.jpg 300w, https:\/\/www.upgroup.it\/wp-content\/uploads\/2018\/07\/Marcelo-Joulia-upgroup-DESIGNER-550x550.jpg 550w, https:\/\/www.upgroup.it\/wp-content\/uploads\/2018\/07\/Marcelo-Joulia-upgroup-DESIGNER-600x599.jpg 600w, https:\/\/www.upgroup.it\/wp-content\/uploads\/2018\/07\/Marcelo-Joulia-upgroup-DESIGNER-100x100.jpg 100w\" sizes=\"auto, (max-width: 601px) 100vw, 601px\" \/>                        <\/div>\n<\/div>[\/vc_column][vc_column width=&#8221;3\/4&#8243;]<h2 class=\"eltdf-custom-font-holder  eltdf-cf-1974  \" style=\"font-family: Open Sans;font-size: 40px;text-transform: uppercase;text-align: left;color: #020202\" data-item-class=\"eltdf-cf-1974\" data-font-size-680=\"60px\">\n\tMARCELO JOULIA<\/h2>[vc_column_text]Argentinian\u00a0 architect &amp; designer Marcelo Joulia studied in France before setting up his own agency &#8220;Marcelo Joulia Naco&#8221; in the heart of Paris in 1991 with a global vision.Global by its unique approach integrating Architecture, interior design, product &amp; graphic design, video , scenography; global by its own way of embracing international cultures; global by its capacity to tackle any challenge with a refreshing view from individual homes, huge leisure complex, hotels, trendy restaurants, trade shows, boats, planes, furniture design, offices and shops &#8230;[\/vc_column_text][vc_empty_space height=&#8221;20px&#8221;]<a itemprop=\"url\" href=\"http:\/\/upgroup.it\/en\/designers\/marcelo-joulia-naco\/\" target=\"_self\" style=\"border-color: #020202\" class=\"eltdf-btn eltdf-btn-small eltdf-btn-outline eltdf-btn-custom-hover-bg eltdf-btn-custom-border-hover\" data-hover-bg-color=\"#898989\" data-hover-border-color=\"#020202\" >\n    <span class=\"eltdf-btn-text\">approfondisci<\/span>\n    <\/a>[\/vc_column][\/vc_row][vc_row][vc_column][vc_empty_space height=&#8221;60&#8243;][\/vc_column][\/vc_row][vc_row row_content_width=&#8221;grid&#8221;][vc_column width=&#8221;1\/4&#8243;][vc_empty_space height=&#8221;20px&#8221;]<div class=\"eltdf-single-image-holder   eltdf-image-behavior-zoom\">\n    <div class=\"eltdf-si-inner\" >\n                                    <img loading=\"lazy\" decoding=\"async\" width=\"600\" height=\"600\" src=\"https:\/\/www.upgroup.it\/wp-content\/uploads\/2018\/06\/Philippe-Starck-Thumb.jpg\" class=\"attachment-full size-full\" alt=\"\" srcset=\"https:\/\/www.upgroup.it\/wp-content\/uploads\/2018\/06\/Philippe-Starck-Thumb.jpg 600w, https:\/\/www.upgroup.it\/wp-content\/uploads\/2018\/06\/Philippe-Starck-Thumb-150x150.jpg 150w, https:\/\/www.upgroup.it\/wp-content\/uploads\/2018\/06\/Philippe-Starck-Thumb-300x300.jpg 300w, https:\/\/www.upgroup.it\/wp-content\/uploads\/2018\/06\/Philippe-Starck-Thumb-550x550.jpg 550w, https:\/\/www.upgroup.it\/wp-content\/uploads\/2018\/06\/Philippe-Starck-Thumb-100x100.jpg 100w\" sizes=\"auto, (max-width: 600px) 100vw, 600px\" \/>                        <\/div>\n<\/div>[\/vc_column][vc_column width=&#8221;3\/4&#8243;]<h2 class=\"eltdf-custom-font-holder  eltdf-cf-8338  \" style=\"font-family: Open Sans;font-size: 40px;text-transform: uppercase;text-align: left;color: #020202\" data-item-class=\"eltdf-cf-8338\" data-font-size-680=\"60px\">\n\tPhilippe Starck<\/h2>[vc_column_text]He began his career with the production of inflatable furniture in 1968 and will subsequently receive important work assignments. In 1974 he settled in the United States and then returned to Paris two years later. He founded the company Starck Product (1979) to commercialize previous creations. Especially famous is Juicy Salif juicer, designed in 1990 for Alessi and became a &#8220;cult object&#8221;. He currently lives and works in Paris, where he holds the position of professor at the \u00c9cole nationale sup\u00e9rieure des arts d\u00e9coratifs.[\/vc_column_text][vc_empty_space height=&#8221;20px&#8221;]<a itemprop=\"url\" href=\"http:\/\/upgroup.it\/en\/philippe-starck-architect-and-designer\/\" target=\"_self\" style=\"border-color: #020202\" class=\"eltdf-btn eltdf-btn-small eltdf-btn-outline eltdf-btn-custom-hover-bg eltdf-btn-custom-border-hover\" data-hover-bg-color=\"#898989\" data-hover-border-color=\"#020202\" >\n    <span class=\"eltdf-btn-text\">approfondisci<\/span>\n    <\/a>[\/vc_column][\/vc_row][vc_row][vc_column][vc_empty_space height=&#8221;60&#8243;][\/vc_column][\/vc_row][vc_row row_content_width=&#8221;grid&#8221;][vc_column width=&#8221;1\/4&#8243;][vc_empty_space height=&#8221;20px&#8221;]<div class=\"eltdf-single-image-holder   eltdf-image-behavior-zoom\">\n    <div class=\"eltdf-si-inner\" >\n                                    <img loading=\"lazy\" decoding=\"async\" width=\"600\" height=\"600\" src=\"https:\/\/www.upgroup.it\/wp-content\/uploads\/2018\/06\/Bedin-Thumb.jpg\" class=\"attachment-full size-full\" alt=\"\" srcset=\"https:\/\/www.upgroup.it\/wp-content\/uploads\/2018\/06\/Bedin-Thumb.jpg 600w, https:\/\/www.upgroup.it\/wp-content\/uploads\/2018\/06\/Bedin-Thumb-150x150.jpg 150w, https:\/\/www.upgroup.it\/wp-content\/uploads\/2018\/06\/Bedin-Thumb-300x300.jpg 300w, https:\/\/www.upgroup.it\/wp-content\/uploads\/2018\/06\/Bedin-Thumb-550x550.jpg 550w, https:\/\/www.upgroup.it\/wp-content\/uploads\/2018\/06\/Bedin-Thumb-100x100.jpg 100w\" sizes=\"auto, (max-width: 600px) 100vw, 600px\" \/>                        <\/div>\n<\/div>[\/vc_column][vc_column width=&#8221;3\/4&#8243;]<h2 class=\"eltdf-custom-font-holder  eltdf-cf-1508  \" style=\"font-family: Open Sans;font-size: 40px;text-transform: uppercase;text-align: left;color: #020202\" data-item-class=\"eltdf-cf-1508\" data-font-size-680=\"60px\">\n\tMARTINE BEDIN<\/h2>[vc_column_text]Martine Bedin, architect and designer, was trained in France and then moved to Milan, where in 1981 she participated in the foundation of the design group of avant-garde and breaking Memphis. For Memphis in the eighties he designed iconic objects still in production today. He works with different materials, including marble, wood, metal and ceramics, accompanying and describing his projects with polychrome drawings of remarkable expressive and poetic quality&#8230;[\/vc_column_text][vc_empty_space height=&#8221;20px&#8221;]<a itemprop=\"url\" href=\"http:\/\/upgroup.it\/en\/martine-bedin-architect-and-designer\/\" target=\"_self\" style=\"border-color: #050505\" class=\"eltdf-btn eltdf-btn-small eltdf-btn-outline eltdf-btn-custom-hover-bg eltdf-btn-custom-border-hover\" data-hover-bg-color=\"#898989\" data-hover-border-color=\"#020202\" >\n    <span class=\"eltdf-btn-text\">approfondisci<\/span>\n    <\/a>[\/vc_column][\/vc_row][vc_row][vc_column][vc_empty_space height=&#8221;60&#8243;][\/vc_column][\/vc_row][vc_row row_content_width=&#8221;grid&#8221;][vc_column width=&#8221;1\/4&#8243;][vc_empty_space height=&#8221;20px&#8221;]<div class=\"eltdf-single-image-holder   eltdf-image-behavior-zoom\">\n    <div class=\"eltdf-si-inner\" >\n                                    <img loading=\"lazy\" decoding=\"async\" width=\"600\" height=\"600\" src=\"https:\/\/www.upgroup.it\/wp-content\/uploads\/2018\/06\/Paolo-Ulian-Thumb.jpg\" class=\"attachment-full size-full\" alt=\"\" srcset=\"https:\/\/www.upgroup.it\/wp-content\/uploads\/2018\/06\/Paolo-Ulian-Thumb.jpg 600w, https:\/\/www.upgroup.it\/wp-content\/uploads\/2018\/06\/Paolo-Ulian-Thumb-150x150.jpg 150w, https:\/\/www.upgroup.it\/wp-content\/uploads\/2018\/06\/Paolo-Ulian-Thumb-300x300.jpg 300w, https:\/\/www.upgroup.it\/wp-content\/uploads\/2018\/06\/Paolo-Ulian-Thumb-550x550.jpg 550w, https:\/\/www.upgroup.it\/wp-content\/uploads\/2018\/06\/Paolo-Ulian-Thumb-100x100.jpg 100w\" sizes=\"auto, (max-width: 600px) 100vw, 600px\" \/>                        <\/div>\n<\/div>[\/vc_column][vc_column width=&#8221;3\/4&#8243;]<h2 class=\"eltdf-custom-font-holder  eltdf-cf-1692  \" style=\"font-family: Open Sans;font-size: 40px;text-transform: uppercase;text-align: left;color: #020202\" data-item-class=\"eltdf-cf-1692\" data-font-size-680=\"60px\">\n\tPAOLO ULIAN<\/h2>[vc_column_text]He was born in 1961. He attended for three years the Academy of Fine Arts in Carrara, where he attended the painting classes held by Getulio Alviani and Luciano Fabro, then he moved to Florence to enroll in Isia. He graduated in industrial design in 1990 with the design of a cardboard wind screen with which he won the &#8220;Design for Europe in Belgium&#8221;&#8230;[\/vc_column_text][vc_empty_space height=&#8221;20px&#8221;]<a itemprop=\"url\" href=\"http:\/\/upgroup.it\/en\/paolo-ulian-industrial-design\/\" target=\"_self\" style=\"border-color: #020202\" class=\"eltdf-btn eltdf-btn-small eltdf-btn-outline eltdf-btn-custom-hover-bg eltdf-btn-custom-border-hover\" data-hover-bg-color=\"#898989\" data-hover-border-color=\"#020202\" >\n    <span class=\"eltdf-btn-text\">approfondisci<\/span>\n    <\/a>[\/vc_column][\/vc_row][vc_row][vc_column][vc_empty_space height=&#8221;60&#8243;][\/vc_column][\/vc_row][vc_row row_content_width=&#8221;grid&#8221;][vc_column width=&#8221;1\/4&#8243;][vc_empty_space height=&#8221;20px&#8221;]<div class=\"eltdf-single-image-holder   eltdf-image-behavior-zoom\">\n    <div class=\"eltdf-si-inner\" >\n                                    <img loading=\"lazy\" decoding=\"async\" width=\"600\" height=\"600\" src=\"https:\/\/www.upgroup.it\/wp-content\/uploads\/2018\/07\/Designe-Felix-Merlin.jpg\" class=\"attachment-full size-full\" alt=\"Designers Feix &amp; Merlin\" srcset=\"https:\/\/www.upgroup.it\/wp-content\/uploads\/2018\/07\/Designe-Felix-Merlin.jpg 600w, https:\/\/www.upgroup.it\/wp-content\/uploads\/2018\/07\/Designe-Felix-Merlin-150x150.jpg 150w, https:\/\/www.upgroup.it\/wp-content\/uploads\/2018\/07\/Designe-Felix-Merlin-300x300.jpg 300w, https:\/\/www.upgroup.it\/wp-content\/uploads\/2018\/07\/Designe-Felix-Merlin-550x550.jpg 550w, https:\/\/www.upgroup.it\/wp-content\/uploads\/2018\/07\/Designe-Felix-Merlin-100x100.jpg 100w\" sizes=\"auto, (max-width: 600px) 100vw, 600px\" \/>                        <\/div>\n<\/div>[\/vc_column][vc_column width=&#8221;3\/4&#8243;]<h2 class=\"eltdf-custom-font-holder  eltdf-cf-8054  \" style=\"font-family: Open Sans;font-size: 40px;text-transform: uppercase;text-align: left;color: #020202\" data-item-class=\"eltdf-cf-8054\" data-font-size-680=\"60px\">\n\tFEIX &amp; MERLIN<\/h2>[vc_column_text]Feix &amp; Merlin Architects is a design studio based in London and S\u00e3o Paulo, co-founded in 2006 by Julia Feix and Tarek Merlin. From the beginning, Feix &amp; Merlin have constantly produced a magical and mysterious work&#8230;[\/vc_column_text][vc_empty_space height=&#8221;20px&#8221;]<a itemprop=\"url\" href=\"http:\/\/upgroup.it\/en\/feix-merlin-architects-london-san-paolo\/\" target=\"_self\" style=\"border-color: #020202\" class=\"eltdf-btn eltdf-btn-small eltdf-btn-outline eltdf-btn-custom-hover-bg eltdf-btn-custom-border-hover\" data-hover-bg-color=\"#898989\" data-hover-border-color=\"#020202\" >\n    <span class=\"eltdf-btn-text\">approfondisci<\/span>\n    <\/a>[\/vc_column][\/vc_row][vc_row][vc_column][vc_empty_space height=&#8221;60&#8243;][\/vc_column][\/vc_row][vc_row row_content_width=&#8221;grid&#8221;][vc_column width=&#8221;1\/4&#8243;][vc_empty_space height=&#8221;20px&#8221;]<div class=\"eltdf-single-image-holder   eltdf-image-behavior-zoom\">\n    <div class=\"eltdf-si-inner\" >\n                                    <img loading=\"lazy\" decoding=\"async\" width=\"600\" height=\"600\" src=\"https:\/\/www.upgroup.it\/wp-content\/uploads\/2018\/06\/THUN-Thumb.jpg\" class=\"attachment-full size-full\" alt=\"\" srcset=\"https:\/\/www.upgroup.it\/wp-content\/uploads\/2018\/06\/THUN-Thumb.jpg 600w, https:\/\/www.upgroup.it\/wp-content\/uploads\/2018\/06\/THUN-Thumb-150x150.jpg 150w, https:\/\/www.upgroup.it\/wp-content\/uploads\/2018\/06\/THUN-Thumb-300x300.jpg 300w, https:\/\/www.upgroup.it\/wp-content\/uploads\/2018\/06\/THUN-Thumb-550x550.jpg 550w, https:\/\/www.upgroup.it\/wp-content\/uploads\/2018\/06\/THUN-Thumb-100x100.jpg 100w\" sizes=\"auto, (max-width: 600px) 100vw, 600px\" \/>                        <\/div>\n<\/div>[\/vc_column][vc_column width=&#8221;3\/4&#8243;]<h2 class=\"eltdf-custom-font-holder  eltdf-cf-1219  \" style=\"font-family: Open Sans;font-size: 40px;text-transform: uppercase;text-align: left;color: #020202\" data-item-class=\"eltdf-cf-1219\" data-font-size-680=\"60px\">\n\tMATTEO THUN<\/h2>[vc_column_text]He graduated in architecture at the University of Florence in 1975 and studied at the Academy of Salzburg with Oskar Kokoschka. In 1980 he moved to Milan, starting a collaboration with the Memphis group and Ettore Sottsass. In 1984 he founded his own studio and began working for Swatch, of which he was artistic director from 1990 to 1993. From 1983 until 2000 he taught design in Vienna at the &#8220;Universit\u00e4t f\u00fcr angewandte Kunst&#8221;&#8230;[\/vc_column_text][vc_empty_space height=&#8221;20px&#8221;]<a itemprop=\"url\" href=\"http:\/\/upgroup.it\/en\/matteo-thun-architect-designer\/\" target=\"_self\" style=\"border-color: #020202\" class=\"eltdf-btn eltdf-btn-small eltdf-btn-outline eltdf-btn-custom-hover-bg eltdf-btn-custom-border-hover\" data-hover-bg-color=\"#898989\" data-hover-border-color=\"#020202\" >\n    <span class=\"eltdf-btn-text\">approfondisci<\/span>\n    <\/a>[\/vc_column][\/vc_row][vc_row][vc_column][vc_empty_space height=&#8221;60&#8243;][\/vc_column][\/vc_row][vc_row row_content_width=&#8221;grid&#8221;][vc_column width=&#8221;1\/4&#8243;][vc_empty_space height=&#8221;20px&#8221;]<div class=\"eltdf-single-image-holder   eltdf-image-behavior-zoom\">\n    <div class=\"eltdf-si-inner\" >\n                                    <img loading=\"lazy\" decoding=\"async\" width=\"600\" height=\"600\" src=\"https:\/\/www.upgroup.it\/wp-content\/uploads\/2018\/06\/Pfister-Thumb.jpg\" class=\"attachment-full size-full\" alt=\"\" srcset=\"https:\/\/www.upgroup.it\/wp-content\/uploads\/2018\/06\/Pfister-Thumb.jpg 600w, https:\/\/www.upgroup.it\/wp-content\/uploads\/2018\/06\/Pfister-Thumb-150x150.jpg 150w, https:\/\/www.upgroup.it\/wp-content\/uploads\/2018\/06\/Pfister-Thumb-300x300.jpg 300w, https:\/\/www.upgroup.it\/wp-content\/uploads\/2018\/06\/Pfister-Thumb-550x550.jpg 550w, https:\/\/www.upgroup.it\/wp-content\/uploads\/2018\/06\/Pfister-Thumb-100x100.jpg 100w\" sizes=\"auto, (max-width: 600px) 100vw, 600px\" \/>                        <\/div>\n<\/div>[\/vc_column][vc_column width=&#8221;3\/4&#8243;]<h2 class=\"eltdf-custom-font-holder  eltdf-cf-5985  \" style=\"font-family: Open Sans;font-size: 40px;text-transform: uppercase;text-align: left;color: #020202\" data-item-class=\"eltdf-cf-5985\" data-font-size-680=\"60px\">\n\tCHARLES PFISTER<\/h2>[vc_column_text]<span id=\"result_box\" class=\"\" lang=\"it\"><span class=\"\">After receiving a B.A. in Architecture from the University of California, Charles Pfister worked for 15 years in Skidmore\u2019s staff, in the interior design department of Owings &amp; Merrill. It was during this period that he created the Pfister Lounge Collection for Knoll, production begun in 1971. In 1981, he founded his own company with offices in San Francisco and London.<\/span><\/span>..[\/vc_column_text][vc_empty_space height=&#8221;20px&#8221;]<a itemprop=\"url\" href=\"http:\/\/upgroup.it\/en\/charles-pfister\" target=\"_self\" style=\"border-color: #020202\" class=\"eltdf-btn eltdf-btn-small eltdf-btn-outline eltdf-btn-custom-hover-bg eltdf-btn-custom-border-hover\" data-hover-bg-color=\"#898989\" data-hover-border-color=\"#020202\" >\n    <span class=\"eltdf-btn-text\">approfondisci<\/span>\n    <\/a>[\/vc_column][\/vc_row][vc_row][vc_column][vc_empty_space height=&#8221;60&#8243;][\/vc_column][\/vc_row][vc_row row_content_width=&#8221;grid&#8221;][vc_column width=&#8221;1\/4&#8243;][vc_empty_space height=&#8221;20px&#8221;]<div class=\"eltdf-single-image-holder   eltdf-image-behavior-zoom\">\n    <div class=\"eltdf-si-inner\" >\n                                    <img loading=\"lazy\" decoding=\"async\" width=\"600\" height=\"600\" src=\"https:\/\/www.upgroup.it\/wp-content\/uploads\/2018\/06\/Palterer-Thumb.jpg\" class=\"attachment-full size-full\" alt=\"\" srcset=\"https:\/\/www.upgroup.it\/wp-content\/uploads\/2018\/06\/Palterer-Thumb.jpg 600w, https:\/\/www.upgroup.it\/wp-content\/uploads\/2018\/06\/Palterer-Thumb-150x150.jpg 150w, https:\/\/www.upgroup.it\/wp-content\/uploads\/2018\/06\/Palterer-Thumb-300x300.jpg 300w, https:\/\/www.upgroup.it\/wp-content\/uploads\/2018\/06\/Palterer-Thumb-550x550.jpg 550w, https:\/\/www.upgroup.it\/wp-content\/uploads\/2018\/06\/Palterer-Thumb-100x100.jpg 100w\" sizes=\"auto, (max-width: 600px) 100vw, 600px\" \/>                        <\/div>\n<\/div>[\/vc_column][vc_column width=&#8221;3\/4&#8243;]<h2 class=\"eltdf-custom-font-holder  eltdf-cf-7955  \" style=\"font-family: Open Sans;font-size: 40px;text-transform: uppercase;text-align: left;color: #020202\" data-item-class=\"eltdf-cf-7955\" data-font-size-680=\"60px\">\n\tDAVID PALTERER<\/h2>[vc_column_text]Born in Haifa, Israel in 1949, he lives in Florence Italy since 1972, where he graduated in 1979; he is also an academic correspondent at the Academy of the Arts and Design in Florence. He has taught at the Staatliche Akademie der bildenden Kunste in Stuttgart, the Faculty of Architecture of the University of Florence and since 2008 he has taught at the Faculty of Architecture at the Polytechnic of Milan Polo in Mantua and since 2009 at ISIA Firenze&#8230;[\/vc_column_text][vc_empty_space height=&#8221;20px&#8221;]<a itemprop=\"url\" href=\"http:\/\/upgroup.it\/en\/david-palterer\" target=\"_self\" style=\"border-color: #020202\" class=\"eltdf-btn eltdf-btn-small eltdf-btn-outline eltdf-btn-custom-hover-bg eltdf-btn-custom-border-hover\" data-hover-bg-color=\"#898989\" data-hover-border-color=\"#020202\" >\n    <span class=\"eltdf-btn-text\">approfondisci<\/span>\n    <\/a>[\/vc_column][\/vc_row][vc_row][vc_column][vc_empty_space height=&#8221;60&#8243;][\/vc_column][\/vc_row][vc_row row_content_width=&#8221;grid&#8221;][vc_column width=&#8221;1\/4&#8243;][vc_empty_space height=&#8221;20px&#8221;]<div class=\"eltdf-single-image-holder   eltdf-image-behavior-zoom\">\n    <div class=\"eltdf-si-inner\" >\n                                    <img loading=\"lazy\" decoding=\"async\" width=\"600\" height=\"600\" src=\"https:\/\/www.upgroup.it\/wp-content\/uploads\/2018\/06\/sottsass-Thumb.jpg\" class=\"attachment-full size-full\" alt=\"\" srcset=\"https:\/\/www.upgroup.it\/wp-content\/uploads\/2018\/06\/sottsass-Thumb.jpg 600w, https:\/\/www.upgroup.it\/wp-content\/uploads\/2018\/06\/sottsass-Thumb-150x150.jpg 150w, https:\/\/www.upgroup.it\/wp-content\/uploads\/2018\/06\/sottsass-Thumb-300x300.jpg 300w, https:\/\/www.upgroup.it\/wp-content\/uploads\/2018\/06\/sottsass-Thumb-550x550.jpg 550w, https:\/\/www.upgroup.it\/wp-content\/uploads\/2018\/06\/sottsass-Thumb-100x100.jpg 100w\" sizes=\"auto, (max-width: 600px) 100vw, 600px\" \/>                        <\/div>\n<\/div>[\/vc_column][vc_column width=&#8221;3\/4&#8243;]<h2 class=\"eltdf-custom-font-holder  eltdf-cf-9486  \" style=\"font-family: Open Sans;font-size: 40px;text-transform: uppercase;text-align: left;color: #020202\" data-item-class=\"eltdf-cf-9486\" data-font-size-680=\"60px\">\n\tETTORE SOTTSASS<\/h2>[vc_column_text]&#8221;I get angry when they tell me I&#8217;m an artist; what i really mean is that, I do not get angry but I&#8217;m basically an architect. \u00bb (Masters of design, Bruno Mondadori, 2005). Son of the architect Ettore Sottsass Senior and Austrian mother Antonia Peintner, he studied first at the scientific high school Galileo Ferraris and than architecture at the Polytechnic of Turin, he finally graduated in 1939. He than served\u00a0 in Montenegro where he remained interned for 6 years in a prison camp. Back in Italy, he began his activity in Milan in 1947 where he worked with his father and then opened his first design studio. He collaborates in this first period with Giuseppe Pagano&#8230;[\/vc_column_text][vc_empty_space height=&#8221;20px&#8221;]<a itemprop=\"url\" href=\"http:\/\/upgroup.it\/en\/ettore-sottsass\" target=\"_self\" style=\"border-color: #020202\" class=\"eltdf-btn eltdf-btn-small eltdf-btn-outline eltdf-btn-custom-hover-bg eltdf-btn-custom-border-hover\" data-hover-bg-color=\"#898989\" data-hover-border-color=\"#020202\" >\n    <span class=\"eltdf-btn-text\">approfondisci<\/span>\n    <\/a>[\/vc_column][\/vc_row][vc_row][vc_column][vc_empty_space height=&#8221;60&#8243;][\/vc_column][\/vc_row][vc_row row_content_width=&#8221;grid&#8221;][vc_column width=&#8221;1\/4&#8243;][vc_empty_space height=&#8221;20px&#8221;]<div class=\"eltdf-single-image-holder   eltdf-image-behavior-zoom\">\n    <div class=\"eltdf-si-inner\" >\n                                    <img loading=\"lazy\" decoding=\"async\" width=\"600\" height=\"600\" src=\"https:\/\/www.upgroup.it\/wp-content\/uploads\/2018\/06\/Rossi-Thumb.jpg\" class=\"attachment-full size-full\" alt=\"\" srcset=\"https:\/\/www.upgroup.it\/wp-content\/uploads\/2018\/06\/Rossi-Thumb.jpg 600w, https:\/\/www.upgroup.it\/wp-content\/uploads\/2018\/06\/Rossi-Thumb-150x150.jpg 150w, https:\/\/www.upgroup.it\/wp-content\/uploads\/2018\/06\/Rossi-Thumb-300x300.jpg 300w, https:\/\/www.upgroup.it\/wp-content\/uploads\/2018\/06\/Rossi-Thumb-550x550.jpg 550w, https:\/\/www.upgroup.it\/wp-content\/uploads\/2018\/06\/Rossi-Thumb-100x100.jpg 100w\" sizes=\"auto, (max-width: 600px) 100vw, 600px\" \/>                        <\/div>\n<\/div>[\/vc_column][vc_column width=&#8221;3\/4&#8243;]<h2 class=\"eltdf-custom-font-holder  eltdf-cf-1988  \" style=\"font-family: Open Sans;font-size: 40px;text-transform: uppercase;text-align: left;color: #020202\" data-item-class=\"eltdf-cf-1988\" data-font-size-680=\"60px\">\n\tALDO ROSSI<\/h2>[vc_column_text]He began his professional activity at the Ignazio Gardella studio in 1956, then moved to the studio of Marco Zanuso. In 1963 he also began teaching: first he was an assistant to Ludovico Quaroni (1963) at the town planning school of Arezzo, later by Carlo Aymonino at the Istituto di Architettura di Venezia&#8230;[\/vc_column_text][vc_empty_space height=&#8221;20px&#8221;]<a itemprop=\"url\" href=\"http:\/\/upgroup.it\/en\/aldo-rossi\" target=\"_self\" style=\"border-color: #0a0a0a\" class=\"eltdf-btn eltdf-btn-small eltdf-btn-outline eltdf-btn-custom-hover-bg eltdf-btn-custom-border-hover\" data-hover-bg-color=\"#898989\" data-hover-border-color=\"#020202\" >\n    <span class=\"eltdf-btn-text\">approfondisci<\/span>\n    <\/a>[\/vc_column][\/vc_row][vc_row][vc_column][vc_empty_space height=&#8221;60&#8243;][\/vc_column][\/vc_row][vc_row row_content_width=&#8221;grid&#8221;][vc_column width=&#8221;1\/4&#8243;][vc_empty_space height=&#8221;20px&#8221;]<div class=\"eltdf-single-image-holder   eltdf-image-behavior-zoom\">\n    <div class=\"eltdf-si-inner\" >\n                                    <img loading=\"lazy\" decoding=\"async\" width=\"600\" height=\"600\" src=\"https:\/\/www.upgroup.it\/wp-content\/uploads\/2018\/06\/Mendini-Thumb.jpg\" class=\"attachment-full size-full\" alt=\"\" srcset=\"https:\/\/www.upgroup.it\/wp-content\/uploads\/2018\/06\/Mendini-Thumb.jpg 600w, https:\/\/www.upgroup.it\/wp-content\/uploads\/2018\/06\/Mendini-Thumb-150x150.jpg 150w, https:\/\/www.upgroup.it\/wp-content\/uploads\/2018\/06\/Mendini-Thumb-300x300.jpg 300w, https:\/\/www.upgroup.it\/wp-content\/uploads\/2018\/06\/Mendini-Thumb-550x550.jpg 550w, https:\/\/www.upgroup.it\/wp-content\/uploads\/2018\/06\/Mendini-Thumb-100x100.jpg 100w\" sizes=\"auto, (max-width: 600px) 100vw, 600px\" \/>                        <\/div>\n<\/div>[\/vc_column][vc_column width=&#8221;3\/4&#8243;]<h2 class=\"eltdf-custom-font-holder  eltdf-cf-5170  \" style=\"font-family: Open Sans;font-size: 40px;text-transform: uppercase;text-align: left;color: #020202\" data-item-class=\"eltdf-cf-5170\" data-font-size-680=\"60px\">\n\tALESSANDRO MENDINI<\/h2>[vc_column_text]Alessandro Mendini since the end of the seventies is one of the innovators of Italian design both as intellectual and author, and as an authoritative member of the Alchimia group. From those years his interest led him to work for numerous companies such as Alessi, Venini, Cartier; Swatch, Swarovski etc. His furniture is also very well known, including the &#8220;Museum Market&#8221;&#8230;[\/vc_column_text][vc_empty_space height=&#8221;20px&#8221;]<a itemprop=\"url\" href=\"http:\/\/upgroup.it\/en\/alessandro-mendini\" target=\"_self\" style=\"border-color: #020202\" class=\"eltdf-btn eltdf-btn-small eltdf-btn-outline eltdf-btn-custom-hover-bg eltdf-btn-custom-border-hover\" data-hover-bg-color=\"#898989\" data-hover-border-color=\"#020202\" >\n    <span class=\"eltdf-btn-text\">approfondisci<\/span>\n    <\/a>[\/vc_column][\/vc_row][vc_row][vc_column][vc_empty_space height=&#8221;60&#8243;][\/vc_column][\/vc_row][vc_row row_content_width=&#8221;grid&#8221;][vc_column width=&#8221;1\/4&#8243;][vc_empty_space height=&#8221;20px&#8221;]<div class=\"eltdf-single-image-holder   eltdf-image-behavior-zoom\">\n    <div class=\"eltdf-si-inner\" >\n                                    <img loading=\"lazy\" decoding=\"async\" width=\"600\" height=\"600\" src=\"https:\/\/www.upgroup.it\/wp-content\/uploads\/2018\/06\/Asti-Thumb.jpg\" class=\"attachment-full size-full\" alt=\"\" srcset=\"https:\/\/www.upgroup.it\/wp-content\/uploads\/2018\/06\/Asti-Thumb.jpg 600w, https:\/\/www.upgroup.it\/wp-content\/uploads\/2018\/06\/Asti-Thumb-150x150.jpg 150w, https:\/\/www.upgroup.it\/wp-content\/uploads\/2018\/06\/Asti-Thumb-300x300.jpg 300w, https:\/\/www.upgroup.it\/wp-content\/uploads\/2018\/06\/Asti-Thumb-550x550.jpg 550w, https:\/\/www.upgroup.it\/wp-content\/uploads\/2018\/06\/Asti-Thumb-100x100.jpg 100w\" sizes=\"auto, (max-width: 600px) 100vw, 600px\" \/>                        <\/div>\n<\/div>[\/vc_column][vc_column width=&#8221;3\/4&#8243;]<h2 class=\"eltdf-custom-font-holder  eltdf-cf-6180  \" style=\"font-family: Open Sans;font-size: 40px;text-transform: uppercase;text-align: left;color: #020202\" data-item-class=\"eltdf-cf-6180\" data-font-size-680=\"60px\">\n\tSERGIO ASTI<\/h2>[vc_column_text]After graduating in architecture at the Milan Polytechnic, he trained in the profession in Milan in the fifties, and was an assistant professor in interior design (1953-1958). In the field of Industrial Design, he was among the first to address this problem in the 1950s. He is one of the founders of ADI of which he is currently Honorary Member&#8230;.[\/vc_column_text][vc_empty_space height=&#8221;20px&#8221;]<a itemprop=\"url\" href=\"http:\/\/upgroup.it\/en\/sergio-asti-architect-industrial-design\/\" target=\"_self\" style=\"border-color: #020202\" class=\"eltdf-btn eltdf-btn-small eltdf-btn-outline eltdf-btn-custom-hover-bg eltdf-btn-custom-border-hover\" data-hover-bg-color=\"#898989\" data-hover-border-color=\"#000000\" >\n    <span class=\"eltdf-btn-text\">approfondisci<\/span>\n    <\/a>[\/vc_column][\/vc_row][vc_row][vc_column][vc_empty_space height=&#8221;60&#8243;][\/vc_column][\/vc_row][vc_row row_content_width=&#8221;grid&#8221;][vc_column width=&#8221;1\/4&#8243;][vc_empty_space height=&#8221;20px&#8221;]<div class=\"eltdf-single-image-holder   eltdf-image-behavior-zoom\">\n    <div class=\"eltdf-si-inner\" >\n                                    <img loading=\"lazy\" decoding=\"async\" width=\"600\" height=\"600\" src=\"https:\/\/www.upgroup.it\/wp-content\/uploads\/2018\/06\/Bellini-Thumb.jpg\" class=\"attachment-full size-full\" alt=\"\" srcset=\"https:\/\/www.upgroup.it\/wp-content\/uploads\/2018\/06\/Bellini-Thumb.jpg 600w, https:\/\/www.upgroup.it\/wp-content\/uploads\/2018\/06\/Bellini-Thumb-150x150.jpg 150w, https:\/\/www.upgroup.it\/wp-content\/uploads\/2018\/06\/Bellini-Thumb-300x300.jpg 300w, https:\/\/www.upgroup.it\/wp-content\/uploads\/2018\/06\/Bellini-Thumb-550x550.jpg 550w, https:\/\/www.upgroup.it\/wp-content\/uploads\/2018\/06\/Bellini-Thumb-100x100.jpg 100w\" sizes=\"auto, (max-width: 600px) 100vw, 600px\" \/>                        <\/div>\n<\/div>[\/vc_column][vc_column width=&#8221;3\/4&#8243;]<h2 class=\"eltdf-custom-font-holder  eltdf-cf-1491  \" style=\"font-family: Open Sans;font-size: 40px;text-transform: uppercase;text-align: left;color: #020202\" data-item-class=\"eltdf-cf-1491\" data-font-size-680=\"60px\">\n\tMARIO BELLINI<\/h2>[vc_column_text]He graduated in architecture in 1959 at the Milan Polytechnic. In the sixties he started working in the field of design, opening a professional studio. From 1961 to 1963 he was design director at Rinascente, the famous and prestigious department store chain. In 1987 he founded the Mario Bellini Associati Srl, now Mario Bellini Architect&#8230;[\/vc_column_text][vc_empty_space height=&#8221;20px&#8221;]<a itemprop=\"url\" href=\"http:\/\/upgroup.it\/en\/architect-mario-bellini-olivetti-p101-divisumma\/\" target=\"_self\" style=\"border-color: #020202\" class=\"eltdf-btn eltdf-btn-small eltdf-btn-outline eltdf-btn-custom-hover-bg eltdf-btn-custom-border-hover\" data-hover-bg-color=\"#898989\" data-hover-border-color=\"#000000\" >\n    <span class=\"eltdf-btn-text\">approfondisci<\/span>\n    <\/a>[\/vc_column][\/vc_row][vc_row][vc_column][vc_empty_space height=&#8221;60&#8243;][\/vc_column][\/vc_row][vc_row row_content_width=&#8221;grid&#8221;][vc_column width=&#8221;1\/4&#8243;][vc_empty_space height=&#8221;20px&#8221;]<div class=\"eltdf-single-image-holder   eltdf-image-behavior-zoom\">\n    <div class=\"eltdf-si-inner\" >\n                                    <img loading=\"lazy\" decoding=\"async\" width=\"600\" height=\"600\" src=\"https:\/\/www.upgroup.it\/wp-content\/uploads\/2018\/06\/renzi-Thumb.jpg\" class=\"attachment-full size-full\" alt=\"\" srcset=\"https:\/\/www.upgroup.it\/wp-content\/uploads\/2018\/06\/renzi-Thumb.jpg 600w, https:\/\/www.upgroup.it\/wp-content\/uploads\/2018\/06\/renzi-Thumb-150x150.jpg 150w, https:\/\/www.upgroup.it\/wp-content\/uploads\/2018\/06\/renzi-Thumb-300x300.jpg 300w, https:\/\/www.upgroup.it\/wp-content\/uploads\/2018\/06\/renzi-Thumb-550x550.jpg 550w, https:\/\/www.upgroup.it\/wp-content\/uploads\/2018\/06\/renzi-Thumb-100x100.jpg 100w\" sizes=\"auto, (max-width: 600px) 100vw, 600px\" \/>                        <\/div>\n<\/div>[\/vc_column][vc_column width=&#8221;3\/4&#8243;]<h2 class=\"eltdf-custom-font-holder  eltdf-cf-1896  \" style=\"font-family: Open Sans;font-size: 40px;text-transform: uppercase;text-align: left;color: #020202\" data-item-class=\"eltdf-cf-1896\" data-font-size-680=\"60px\">\n\tGUGLIELMO RENZI<\/h2>[vc_column_text]Guglielmo Renzi lives and works in Florence. A graduate of the Faculty of Architecture in Florence, he has for many years carried out a multidisciplinary activity that includes design, art and architecture. He has worked in Italy and abroad for the creation of interior design projects for hotels, shops and showrooms and has participated in numerous art and design exhibitions. He has taught as an assistant for Prof. Arch. Adolfo Natalini&#8230;[\/vc_column_text][vc_empty_space height=&#8221;20px&#8221;]<a itemprop=\"url\" href=\"http:\/\/upgroup.it\/en\/guglielmo-renzi-design-ar-architecture\/\" target=\"_self\" style=\"border-color: #020202\" class=\"eltdf-btn eltdf-btn-small eltdf-btn-outline eltdf-btn-custom-hover-bg eltdf-btn-custom-border-hover\" data-hover-bg-color=\"#898989\" data-hover-border-color=\"#000000\" >\n    <span class=\"eltdf-btn-text\">approfondisci<\/span>\n    <\/a>[\/vc_column][\/vc_row][vc_row][vc_column][vc_empty_space height=&#8221;60&#8243;][\/vc_column][\/vc_row][vc_row row_content_width=&#8221;grid&#8221;][vc_column width=&#8221;1\/4&#8243;][vc_empty_space height=&#8221;20px&#8221;]<div class=\"eltdf-single-image-holder   eltdf-image-behavior-zoom\">\n    <div class=\"eltdf-si-inner\" >\n                                    <img loading=\"lazy\" decoding=\"async\" width=\"600\" height=\"600\" src=\"https:\/\/www.upgroup.it\/wp-content\/uploads\/2018\/06\/silvestrin-Thumb.jpg\" class=\"attachment-full size-full\" alt=\"\" srcset=\"https:\/\/www.upgroup.it\/wp-content\/uploads\/2018\/06\/silvestrin-Thumb.jpg 600w, https:\/\/www.upgroup.it\/wp-content\/uploads\/2018\/06\/silvestrin-Thumb-150x150.jpg 150w, https:\/\/www.upgroup.it\/wp-content\/uploads\/2018\/06\/silvestrin-Thumb-300x300.jpg 300w, https:\/\/www.upgroup.it\/wp-content\/uploads\/2018\/06\/silvestrin-Thumb-550x550.jpg 550w, https:\/\/www.upgroup.it\/wp-content\/uploads\/2018\/06\/silvestrin-Thumb-100x100.jpg 100w\" sizes=\"auto, (max-width: 600px) 100vw, 600px\" \/>                        <\/div>\n<\/div>[\/vc_column][vc_column width=&#8221;3\/4&#8243;]<h2 class=\"eltdf-custom-font-holder  eltdf-cf-6969  \" style=\"font-family: Open Sans;font-size: 40px;text-transform: uppercase;text-align: left;color: #020202\" data-item-class=\"eltdf-cf-6969\" data-font-size-680=\"60px\">\n\tDANILO SILVESTRIN<\/h2>[vc_column_text]<span id=\"result_box\" class=\"\" lang=\"it\"><span title=\"In D\u00fcsseldorf kam er in Kontakt mit einigen der innovativsten K\u00fcnstlern der Zeit und arbeitete eng mit G\u00fcnther Uecker und Heinz Mack der ZERO Gruppe zusammen, und gestalteten die visuelle Einrichtung des Creamcheese.[2]\">Born in Bolzano and raised in Italy, Danilo Silvestrin has lived in Germany since the 1960s. After studying architecture in Milan and Florence, Silvestrin went to D\u00fcsseldorf in 1966 and studied sculpture at the Folkwangschule in Essen in 1966\/67. In Dusseldorf, he came into contact with some of the most innovative artists of the time and worked closely with G\u00fcnther Uecker and Heinz Mack of the ZERO group, and designed the visual Creamcheese.<\/span><\/span>..[\/vc_column_text][vc_empty_space height=&#8221;20px&#8221;]<a itemprop=\"url\" href=\"http:\/\/upgroup.it\/en\/danilo-silvestrin\" target=\"_self\" style=\"border-color: #020202\" class=\"eltdf-btn eltdf-btn-small eltdf-btn-outline eltdf-btn-custom-hover-bg eltdf-btn-custom-border-hover\" data-hover-bg-color=\"#898989\" data-hover-border-color=\"#000000\" >\n    <span class=\"eltdf-btn-text\">approfondisci<\/span>\n    <\/a>[\/vc_column][\/vc_row][vc_row][vc_column][vc_empty_space height=&#8221;60&#8243;][\/vc_column][\/vc_row][vc_row row_content_width=&#8221;grid&#8221;][vc_column width=&#8221;1\/4&#8243;][vc_empty_space height=&#8221;20px&#8221;]<div class=\"eltdf-single-image-holder   eltdf-image-behavior-zoom\">\n    <div class=\"eltdf-si-inner\" >\n                                    <img loading=\"lazy\" decoding=\"async\" width=\"600\" height=\"600\" src=\"https:\/\/www.upgroup.it\/wp-content\/uploads\/2018\/06\/Sacchetti-Thumb.jpg\" class=\"attachment-full size-full\" alt=\"\" srcset=\"https:\/\/www.upgroup.it\/wp-content\/uploads\/2018\/06\/Sacchetti-Thumb.jpg 600w, https:\/\/www.upgroup.it\/wp-content\/uploads\/2018\/06\/Sacchetti-Thumb-150x150.jpg 150w, https:\/\/www.upgroup.it\/wp-content\/uploads\/2018\/06\/Sacchetti-Thumb-300x300.jpg 300w, https:\/\/www.upgroup.it\/wp-content\/uploads\/2018\/06\/Sacchetti-Thumb-550x550.jpg 550w, https:\/\/www.upgroup.it\/wp-content\/uploads\/2018\/06\/Sacchetti-Thumb-100x100.jpg 100w\" sizes=\"auto, (max-width: 600px) 100vw, 600px\" \/>                        <\/div>\n<\/div>[\/vc_column][vc_column width=&#8221;3\/4&#8243;]<h2 class=\"eltdf-custom-font-holder  eltdf-cf-5500  \" style=\"font-family: Open Sans;font-size: 40px;text-transform: uppercase;text-align: left;color: #020202\" data-item-class=\"eltdf-cf-5500\" data-font-size-680=\"60px\">\n\tLUCA SACCHETTI<\/h2>[vc_column_text]<span id=\"result_box\" class=\"\" lang=\"it\"><\/span>In 1975 he graduated in architecture at the Milan Polytechnic and, the following year, began teaching architecture in the same faculty in Milan. In 1978 he worked as a freelancer teacher, establishing his studio which, in a few years, became an architectural and artistic phalanstery where young architects and designers from Italy and abroad worked&#8230;[\/vc_column_text][vc_empty_space height=&#8221;20px&#8221;]<a itemprop=\"url\" href=\"http:\/\/upgroup.it\/en\/luca-scacchetti\" target=\"_self\" style=\"border-color: #020202\" class=\"eltdf-btn eltdf-btn-small eltdf-btn-outline eltdf-btn-custom-hover-bg eltdf-btn-custom-border-hover\" data-hover-bg-color=\"#898989\" data-hover-border-color=\"#000000\" >\n    <span class=\"eltdf-btn-text\">approfondisci<\/span>\n    <\/a>[\/vc_column][\/vc_row][vc_row][vc_column][vc_empty_space height=&#8221;60&#8243;][\/vc_column][\/vc_row][vc_row row_content_width=&#8221;grid&#8221;][vc_column width=&#8221;1\/4&#8243;][vc_empty_space height=&#8221;20px&#8221;]<div class=\"eltdf-single-image-holder   eltdf-image-behavior-zoom\">\n    <div class=\"eltdf-si-inner\" >\n                                    <img loading=\"lazy\" decoding=\"async\" width=\"600\" height=\"600\" src=\"https:\/\/www.upgroup.it\/wp-content\/uploads\/2018\/06\/Piva-Thumb.jpg\" class=\"attachment-full size-full\" alt=\"\" srcset=\"https:\/\/www.upgroup.it\/wp-content\/uploads\/2018\/06\/Piva-Thumb.jpg 600w, https:\/\/www.upgroup.it\/wp-content\/uploads\/2018\/06\/Piva-Thumb-150x150.jpg 150w, https:\/\/www.upgroup.it\/wp-content\/uploads\/2018\/06\/Piva-Thumb-300x300.jpg 300w, https:\/\/www.upgroup.it\/wp-content\/uploads\/2018\/06\/Piva-Thumb-550x550.jpg 550w, https:\/\/www.upgroup.it\/wp-content\/uploads\/2018\/06\/Piva-Thumb-100x100.jpg 100w\" sizes=\"auto, (max-width: 600px) 100vw, 600px\" \/>                        <\/div>\n<\/div>[\/vc_column][vc_column width=&#8221;3\/4&#8243;]<h2 class=\"eltdf-custom-font-holder  eltdf-cf-2060  \" style=\"font-family: Open Sans;font-size: 40px;text-transform: uppercase;text-align: left;color: #020202\" data-item-class=\"eltdf-cf-2060\" data-font-size-680=\"60px\">\n\tMARCO PIVA<\/h2>[vc_column_text]<span id=\"result_box\" class=\"\" lang=\"it\"><\/span>He graduated in architecture from the Polytechnic of Milan in 1976 and later founded the \u201cStudiodada Associati\u201d with a group of university students. In 1990 he started his own design studio, whose activity ranges from architecture to interior design to masterplanning, creating numerous projects all over the world&#8230;[\/vc_column_text][vc_empty_space height=&#8221;20px&#8221;]<a itemprop=\"url\" href=\"http:\/\/upgroup.it\/en\/marco-piva\" target=\"_self\" style=\"border-color: #020202\" class=\"eltdf-btn eltdf-btn-small eltdf-btn-outline eltdf-btn-custom-hover-bg eltdf-btn-custom-border-hover\" data-hover-bg-color=\"#898989\" data-hover-border-color=\"#020202\" >\n    <span class=\"eltdf-btn-text\">approfondisci<\/span>\n    <\/a>[\/vc_column][\/vc_row][vc_row][vc_column][vc_empty_space height=&#8221;60&#8243;][\/vc_column][\/vc_row][vc_row row_content_width=&#8221;grid&#8221;][vc_column width=&#8221;1\/4&#8243;][vc_empty_space height=&#8221;20px&#8221;]<div class=\"eltdf-single-image-holder   eltdf-image-behavior-zoom\">\n    <div class=\"eltdf-si-inner\" >\n                                    <img loading=\"lazy\" decoding=\"async\" width=\"600\" height=\"600\" src=\"https:\/\/www.upgroup.it\/wp-content\/uploads\/2018\/06\/La-Pietra-Thumb.jpg\" class=\"attachment-full size-full\" alt=\"\" srcset=\"https:\/\/www.upgroup.it\/wp-content\/uploads\/2018\/06\/La-Pietra-Thumb.jpg 600w, https:\/\/www.upgroup.it\/wp-content\/uploads\/2018\/06\/La-Pietra-Thumb-150x150.jpg 150w, https:\/\/www.upgroup.it\/wp-content\/uploads\/2018\/06\/La-Pietra-Thumb-300x300.jpg 300w, https:\/\/www.upgroup.it\/wp-content\/uploads\/2018\/06\/La-Pietra-Thumb-550x550.jpg 550w, https:\/\/www.upgroup.it\/wp-content\/uploads\/2018\/06\/La-Pietra-Thumb-100x100.jpg 100w\" sizes=\"auto, (max-width: 600px) 100vw, 600px\" \/>                        <\/div>\n<\/div>[\/vc_column][vc_column width=&#8221;3\/4&#8243;]<h2 class=\"eltdf-custom-font-holder  eltdf-cf-1319  \" style=\"font-family: Open Sans;font-size: 40px;text-transform: uppercase;text-align: left;color: #020202\" data-item-class=\"eltdf-cf-1319\" data-font-size-680=\"60px\">\n\tUGO LA PIETRA<\/h2>[vc_column_text]<span id=\"result_box\" class=\"\" lang=\"it\"><\/span>Ugo La Pietra has developed since 1962 an activity aimed at the clarification and definition of the relationship &#8220;individual-environment&#8221;. At the beginning of this work process he developed knowledge tools (models of understanding) aimed at transforming the traditional &#8220;work-spectator&#8221; relationship. He has worked inside and outside the disciplines declaring himself always &#8220;researcher in the visual arts&#8221;; anomalous and uncomfortable artist and therefore difficult to classify&#8230;[\/vc_column_text][vc_empty_space height=&#8221;20px&#8221;]<a itemprop=\"url\" href=\"http:\/\/upgroup.it\/en\/ugo-la-pietra-artist-architect-designer\/\" target=\"_self\" style=\"border-color: #020202\" class=\"eltdf-btn eltdf-btn-small eltdf-btn-outline eltdf-btn-custom-hover-bg eltdf-btn-custom-border-hover\" data-hover-bg-color=\"#898989\" data-hover-border-color=\"#020202\" >\n    <span class=\"eltdf-btn-text\">approfondisci<\/span>\n    <\/a>[\/vc_column][\/vc_row][vc_row][vc_column][vc_empty_space height=&#8221;150&#8243;][\/vc_column][\/vc_row]<\/p>\n","protected":false},"excerpt":{"rendered":"<p>[vc_row content_placement=&#8221;bottom&#8221; el_class=&#8221;SliderSuMobile&#8221;][vc_column][vc_empty_space height=&#8221;150&#8243;][vc_row_inner row_content_width=&#8221;grid&#8221;][vc_column_inner][vc_column_text]An ancient forge of ideas and projects, which over the years has seen the best architects affect their style and their ideas precisely in marble. Achille Castiglioni, Adolfo Natalini, Michele De Lucchi, Enzo Mari, Martin Bedin, [&hellip;]<\/p>\n","protected":false},"author":7,"featured_media":0,"parent":0,"menu_order":0,"comment_status":"closed","ping_status":"closed","template":"full-width.php","meta":{"footnotes":""},"class_list":["post-8397","page","type-page","status-publish","hentry"],"_links":{"self":[{"href":"https:\/\/www.upgroup.it\/en\/wp-json\/wp\/v2\/pages\/8397","targetHints":{"allow":["GET"]}}],"collection":[{"href":"https:\/\/www.upgroup.it\/en\/wp-json\/wp\/v2\/pages"}],"about":[{"href":"https:\/\/www.upgroup.it\/en\/wp-json\/wp\/v2\/types\/page"}],"author":[{"embeddable":true,"href":"https:\/\/www.upgroup.it\/en\/wp-json\/wp\/v2\/users\/7"}],"replies":[{"embeddable":true,"href":"https:\/\/www.upgroup.it\/en\/wp-json\/wp\/v2\/comments?post=8397"}],"version-history":[{"count":0,"href":"https:\/\/www.upgroup.it\/en\/wp-json\/wp\/v2\/pages\/8397\/revisions"}],"wp:attachment":[{"href":"https:\/\/www.upgroup.it\/en\/wp-json\/wp\/v2\/media?parent=8397"}],"curies":[{"name":"wp","href":"https:\/\/api.w.org\/{rel}","templated":true}]}}